{"id":191,"date":"2017-11-21T17:24:40","date_gmt":"2017-11-21T16:24:40","guid":{"rendered":"https:\/\/wp.uni-koblenz.de\/unimus\/?page_id=191"},"modified":"2018-05-25T20:06:59","modified_gmt":"2018-05-25T18:06:59","slug":"rafael-bruck","status":"publish","type":"page","link":"https:\/\/wp.uni-koblenz.de\/unimus\/kuenstler\/rafael-bruck\/","title":{"rendered":"Rafael Bruck"},"content":{"rendered":"<p>Der deutsch-mexikanische Bariton Rafael Bruck studierte zun\u00e4chst in Freiburg Schulmusik und Romanistik und begann dabei seine Gesangsstudien bei Prof. Angela Nick. Anschlie\u00dfend studierte er Opern- und Konzertgesang an der Hochschule f\u00fcr Musik und Tanz K\u00f6ln bei Prof. Mario Hoff. Wichtige Impulse erhielt er au\u00dferdem in Meisterkursen u.a. bei Ulf B\u00e4stlein, Jeanette Favaro-Reuter, Diane Forlano, Rudolf Piernay und Wolfram Rieger.<br \/>\nEr deb\u00fctierte 2012 mit der Titelpartie von Viktor Ullmanns \u201eDer Kaiser von Atlantis\u201c an den St\u00e4dtischen B\u00fchnen M\u00fcnster. Im selben Jahr sprang er f\u00fcr die Premiere von Franz Schrekers \u201eIrrelohe\u201c in der Partie des Anselmus am Theater Bonn ein. 2011 trat er in M\u00fcnster als Dr. Falke in \u201eDie Fledermaus\u201c von Johann Strau\u00df auf, sang am Theater Solingen die Partie des Schaunard in Puccinis \u201eLa Boh\u00e8me\u201c und wurde Mitglied des Jungen Ensembles am Musiktheater im Revier Gelsenkirchen, wo er unter anderem Baron Douphol (\u201eLa traviata\u201c), den J\u00e4ger (\u201eRusalka\u201c) und den 2. Nazarener (\u201eSalome\u201c) sang.<br \/>\nIn professionellen Ensembles arbeitete er mit namhaften Dirigenten wie Rolf Beck, Michael Gielen, Helmuth Rilling und Peter Schreier. Als Konzertsolist tritt er regelm\u00e4\u00dfig u.a. mit Werken von Bach, Buxtehude, Faur\u00e9, Mozart und Schubert im In- und Ausland in Erscheinung.<br \/>\nRafael Bruck war 2009 Finalist des Paula-Salomon-Linberg-Wettbewerbs \u201eDas Lied\u201c und wurde 2010 mit dem Thomas-Wiese-F\u00f6rderpreis ausgezeichnet. Beim Internationalen Musikwettbewerb K\u00f6ln 2011 erhielt er einen Sonderpreis in der Kategorie Gesang. Seit 2012\/2013 ist Rafael Bruck fest engagiertes Mitglied des Musiktheaterensembles und war hier bereits u.a. als Graf Almaviva in \u201eLe nozze di Figaro\u201c, Dr. Falke in \u201eDie Fledermaus\u201c, Herr Fluth in \u201eDie lustigen Weiber von Windsor\u201c von Otto Nicolai, Lescaut in Jules Massenets Oper \u201eManon\u201c, Freddy Eynsford-Hill im Musical \u201eMy Fair Lady\u201c, Ned Keene in \u201ePeter Grimes\u201c von Benjamin Britten zu h\u00f6ren.<\/p>\n","protected":false},"excerpt":{"rendered":"<p>Der deutsch-mexikanische Bariton Rafael Bruck studierte zun\u00e4chst in Freiburg Schulmusik und Romanistik und begann dabei seine Gesangsstudien bei Prof. Angela Nick. Anschlie\u00dfend studierte er Opern- und Konzertgesang an der Hochschule f\u00fcr Musik und Tanz K\u00f6ln bei Prof. Mario Hoff. Wichtige Impulse erhielt er au\u00dferdem in Meisterkursen u.a. bei Ulf B\u00e4stlein, Jeanette Favaro-Reuter, Diane Forlano, Rudolf &hellip; <\/p>\n<p class=\"link-more\"><a href=\"https:\/\/wp.uni-koblenz.de\/unimus\/kuenstler\/rafael-bruck\/\" class=\"more-link\"><span class=\"screen-reader-text\">\u201eRafael Bruck\u201c <\/span>weiterlesen<\/a><\/p>\n","protected":false},"author":11,"featured_media":525,"parent":48,"menu_order":0,"comment_status":"closed","ping_status":"closed","template":"artist.php","meta":{"footnotes":""},"class_list":["post-191","page","type-page","status-publish","has-post-thumbnail","hentry"],"_links":{"self":[{"href":"https:\/\/wp.uni-koblenz.de\/unimus\/wp-json\/wp\/v2\/pages\/191","targetHints":{"allow":["GET"]}}],"collection":[{"href":"https:\/\/wp.uni-koblenz.de\/unimus\/wp-json\/wp\/v2\/pages"}],"about":[{"href":"https:\/\/wp.uni-koblenz.de\/unimus\/wp-json\/wp\/v2\/types\/page"}],"author":[{"embeddable":true,"href":"https:\/\/wp.uni-koblenz.de\/unimus\/wp-json\/wp\/v2\/users\/11"}],"replies":[{"embeddable":true,"href":"https:\/\/wp.uni-koblenz.de\/unimus\/wp-json\/wp\/v2\/comments?post=191"}],"version-history":[{"count":1,"href":"https:\/\/wp.uni-koblenz.de\/unimus\/wp-json\/wp\/v2\/pages\/191\/revisions"}],"predecessor-version":[{"id":192,"href":"https:\/\/wp.uni-koblenz.de\/unimus\/wp-json\/wp\/v2\/pages\/191\/revisions\/192"}],"up":[{"embeddable":true,"href":"https:\/\/wp.uni-koblenz.de\/unimus\/wp-json\/wp\/v2\/pages\/48"}],"wp:featuredmedia":[{"embeddable":true,"href":"https:\/\/wp.uni-koblenz.de\/unimus\/wp-json\/wp\/v2\/media\/525"}],"wp:attachment":[{"href":"https:\/\/wp.uni-koblenz.de\/unimus\/wp-json\/wp\/v2\/media?parent=191"}],"curies":[{"name":"wp","href":"https:\/\/api.w.org\/{rel}","templated":true}]}}