{"id":319,"date":"2018-03-25T23:58:54","date_gmt":"2018-03-25T21:58:54","guid":{"rendered":"https:\/\/wp.uni-koblenz.de\/unimus\/?page_id=319"},"modified":"2018-04-16T19:47:14","modified_gmt":"2018-04-16T17:47:14","slug":"claudius-gatzweiler","status":"publish","type":"page","link":"https:\/\/wp.uni-koblenz.de\/unimus\/kuenstler\/claudius-gatzweiler\/","title":{"rendered":"Claudius Gatzweiler"},"content":{"rendered":"<p><span style=\"font-size: medium\">Claudius Gatzweiler, Bariton, \u00a0studiert Gesang bei Professor Mario Hoff an der Hochschule f\u00fcr Musik und Tanz in K\u00f6ln. Seine erste musikalische Ausbildung erhielt er bereits im fr\u00fchen Kindesalter am Klavier und in unterscheidlichen Kinder- und Jugendch\u00f6ren, in denen er teilweise auch stimmtechnisch individuell gef\u00f6rdert wurde. Ab seinem 16. Lebensjahr war er drei Jahre lang Stipendiat der Rudolf-Kleefisch-Stiftung und festes Ensemble-Mitglied des G\u00fcrzenich-Chores K\u00f6ln. Seit diesem Jahr ist er au\u00dferdem Stipendiat des Richard-Wagner-Verbandes Freiburg. Erste Konzertverpflichtungen f\u00fchrten ihn bislang nach M\u00f6nchengladbach und Freiburg.<\/span><\/p>\n","protected":false},"excerpt":{"rendered":"<p>Claudius Gatzweiler, Bariton, \u00a0studiert Gesang bei Professor Mario Hoff an der Hochschule f\u00fcr Musik und Tanz in K\u00f6ln. Seine erste musikalische Ausbildung erhielt er bereits im fr\u00fchen Kindesalter am Klavier und in unterscheidlichen Kinder- und Jugendch\u00f6ren, in denen er teilweise auch stimmtechnisch individuell gef\u00f6rdert wurde. Ab seinem 16. Lebensjahr war er drei Jahre lang Stipendiat &hellip; <\/p>\n<p class=\"link-more\"><a href=\"https:\/\/wp.uni-koblenz.de\/unimus\/kuenstler\/claudius-gatzweiler\/\" class=\"more-link\"><span class=\"screen-reader-text\">\u201eClaudius Gatzweiler\u201c <\/span>weiterlesen<\/a><\/p>\n","protected":false},"author":11,"featured_media":401,"parent":48,"menu_order":0,"comment_status":"closed","ping_status":"closed","template":"artist.php","meta":{"footnotes":""},"class_list":["post-319","page","type-page","status-publish","has-post-thumbnail","hentry"],"_links":{"self":[{"href":"https:\/\/wp.uni-koblenz.de\/unimus\/wp-json\/wp\/v2\/pages\/319","targetHints":{"allow":["GET"]}}],"collection":[{"href":"https:\/\/wp.uni-koblenz.de\/unimus\/wp-json\/wp\/v2\/pages"}],"about":[{"href":"https:\/\/wp.uni-koblenz.de\/unimus\/wp-json\/wp\/v2\/types\/page"}],"author":[{"embeddable":true,"href":"https:\/\/wp.uni-koblenz.de\/unimus\/wp-json\/wp\/v2\/users\/11"}],"replies":[{"embeddable":true,"href":"https:\/\/wp.uni-koblenz.de\/unimus\/wp-json\/wp\/v2\/comments?post=319"}],"version-history":[{"count":2,"href":"https:\/\/wp.uni-koblenz.de\/unimus\/wp-json\/wp\/v2\/pages\/319\/revisions"}],"predecessor-version":[{"id":403,"href":"https:\/\/wp.uni-koblenz.de\/unimus\/wp-json\/wp\/v2\/pages\/319\/revisions\/403"}],"up":[{"embeddable":true,"href":"https:\/\/wp.uni-koblenz.de\/unimus\/wp-json\/wp\/v2\/pages\/48"}],"wp:featuredmedia":[{"embeddable":true,"href":"https:\/\/wp.uni-koblenz.de\/unimus\/wp-json\/wp\/v2\/media\/401"}],"wp:attachment":[{"href":"https:\/\/wp.uni-koblenz.de\/unimus\/wp-json\/wp\/v2\/media?parent=319"}],"curies":[{"name":"wp","href":"https:\/\/api.w.org\/{rel}","templated":true}]}}