{"id":672,"date":"2018-09-16T22:19:37","date_gmt":"2018-09-16T20:19:37","guid":{"rendered":"https:\/\/wp.uni-koblenz.de\/unimus\/?page_id=672"},"modified":"2018-09-16T22:19:37","modified_gmt":"2018-09-16T20:19:37","slug":"guido-jentjens","status":"publish","type":"page","link":"https:\/\/wp.uni-koblenz.de\/unimus\/kuenstler\/guido-jentjens\/","title":{"rendered":"Guido Jentjens"},"content":{"rendered":"<p>Geboren in Geldern am Niederrhein begann Guido Jentjens seine S\u00e4ngerlaufbahn nach dem Studium an der Musikhochschule K\u00f6ln am Opernstudio der Deutschen Oper am Rhein in D\u00fcsseldorf.<\/p>\n<p>Von 2005 bis 2013 war Guido Jentjens Ensemblemitglied des Staatstheaters N\u00fcrnberg.<\/p>\n<p>Weitere Fest- und Gastengagements f\u00fchrten ihn nach Augsburg, Erfurt, Karlsruhe und Wiesbaden sowie an die Opernh\u00e4user in Bielefeld, Krefeld\/M\u00f6nchengladbach, Kassel, Halle, Dortmund, Essen und andere.<\/p>\n<p>Im klassischen Bass- und Bassbaritonfach singt der Bassist alle gro\u00dfen Wagnerpartien wie K\u00f6nig Heinrich (Lohengrin), Hans Sachs und Pogner (Die Meistersinger von N\u00fcrnberg), Landgraf Hermann (Tannh\u00e4user), Hunding (Walk\u00fcre), Daland (Der fliegende Holl\u00e4nder), Gurnemanz (Parsifal) und K\u00f6nig Marke (Tristan und Isolde).<\/p>\n<p>Aber auch Baron Ochs auf Lerchenau (R. Strauss, Rosenkavalier), Orest (R. Strauss, Elektra), Osmin (Mozart, Entf\u00fchrung aus dem Serail), Sarastro (Mozart, Zauberfl\u00f6te), Rocco (Beethoven, Fidelio), Philipp (Verdi, Don Carlo), Mephisto (Gounod, Faust), Belcantorollen wie Silva (Verdi, Ernani), Banquo (Verdi, Macbeth), Des Grieux (Massenet, Manon) sowie zahlreiche Partien aus H\u00e4ndel-Opern sind Teil seines breit gef\u00e4cherten Repertoires.<\/p>\n<p>In der vergangenen Saison feierte er sein viel beachtetes Rollendeb\u00fct als Blaubart in Bela Bart\u00f3ks Herzog Blaubarts Burg.<\/p>\n<p>Gastspiele im Opern- und Konzertfach f\u00fchrten Guido Jentjens u.a. an die drei Berliner Opernh\u00e4user Staatsoper Unter den Linden, Deutsche Oper sowie an die Komische Oper, an die Hamburger Staatsoper (Welt-Urauff\u00fchrung Zemlinsky K\u00f6nig Kandaules unter Gerd Albrecht), an die Semperoper Dresden (Matthus, Farinelli), an das Theater am G\u00e4rtnerplatz und das Prinzregententheater in M\u00fcnchen sowie in die K\u00f6lner Philharmonie oder an das Gewandhaus in Leipzig.<\/p>\n<p>Auslandsgastspiele gab der Bassist u.a. am Opernhaus Z\u00fcrich (Hausdeb\u00fct 2013 mit Veit Pogner unter Sebastian Weigle), in \u00d6sterreich (Linz &#8211; Rosenkavalier, Innsbruck &#8211; Parsifal), in Belgien (Br\u00fcssel, Aida unter Kazushi Ono), Frankreich (Paris, Th\u00e9\u00e2tre de Champs-Elys\u00e9es sowie Toulouse, Die Meistersinger von N\u00fcrnberg unter Pinchas Steinberg), Italien (Palermo), Spanien (Palau de la Musica Barcelona), in den USA, Japan (Tokyo, Tristan und Isolde unter Kazushi Ono) und Hongkong.<\/p>\n<p>Guido Jentjens ist au\u00dferdem regelm\u00e4\u00dfig zu Gast bei namhaften Festivals.<\/p>\n<p>Sein Deb\u00fct bei den Salzburger Festspielen gab er 2013 in der Neuproduktion von Wagners Die Meistersinger von N\u00fcrnberg unter der musikalischen Leitung von Daniele Gatti in der Regie von Stefan Herheim.<\/p>\n<p>Bei den Bayreuther Festspielen wirkte er jeweils unter der musikalischen Leitung von Christian Thielemann mit als Pogner in Die Meistersinger von N\u00fcrnberg sowie als Landgraf Hermann in Tannh\u00e4user.<\/p>\n<p>Bei den Festspielen Baden-Baden Zusammenarbeit mit Thomas Hengelbrock. Dar\u00fcberhinaus Engagements bei den Karlsruher H\u00e4ndelfestspielen, den Opernfestspielen St. Margarethen sowie den Festspielen Erl (Rollendeb\u00fct 2011 Hans Sachs unter Gustav Kuhn), dem Schleswig-Holstein Musikfestival und dem Casals-Festival Puerto Rico.<\/p>\n<p>Bei Konzerttourneen und Rundfunkaufnahmen u.a. mit Hellmuth Rilling (Internationale Bachakademie), Thomas Hengelbrock, Michael Gielen und Christoph Prick war Guido Jentjens zudem bereits h\u00e4ufig zu h\u00f6ren in Werken wie J. S. Bach h-Moll-Messe, H\u00e4ndel Messias, Mendelssohn Elias, Puccini Messa di Gloria oder Tippett A Child of Our Time sowie zahlreichen weiteren Kantaten, Oratorien und Messen.<\/p>\n","protected":false},"excerpt":{"rendered":"<p>Geboren in Geldern am Niederrhein begann Guido Jentjens seine S\u00e4ngerlaufbahn nach dem Studium an der Musikhochschule K\u00f6ln am Opernstudio der Deutschen Oper am Rhein in D\u00fcsseldorf. Von 2005 bis 2013 war Guido Jentjens Ensemblemitglied des Staatstheaters N\u00fcrnberg. Weitere Fest- und Gastengagements f\u00fchrten ihn nach Augsburg, Erfurt, Karlsruhe und Wiesbaden sowie an die Opernh\u00e4user in Bielefeld, &hellip; <\/p>\n<p class=\"link-more\"><a href=\"https:\/\/wp.uni-koblenz.de\/unimus\/kuenstler\/guido-jentjens\/\" class=\"more-link\"><span class=\"screen-reader-text\">\u201eGuido Jentjens\u201c <\/span>weiterlesen<\/a><\/p>\n","protected":false},"author":11,"featured_media":670,"parent":48,"menu_order":0,"comment_status":"closed","ping_status":"closed","template":"artist.php","meta":{"footnotes":""},"class_list":["post-672","page","type-page","status-publish","has-post-thumbnail","hentry"],"_links":{"self":[{"href":"https:\/\/wp.uni-koblenz.de\/unimus\/wp-json\/wp\/v2\/pages\/672","targetHints":{"allow":["GET"]}}],"collection":[{"href":"https:\/\/wp.uni-koblenz.de\/unimus\/wp-json\/wp\/v2\/pages"}],"about":[{"href":"https:\/\/wp.uni-koblenz.de\/unimus\/wp-json\/wp\/v2\/types\/page"}],"author":[{"embeddable":true,"href":"https:\/\/wp.uni-koblenz.de\/unimus\/wp-json\/wp\/v2\/users\/11"}],"replies":[{"embeddable":true,"href":"https:\/\/wp.uni-koblenz.de\/unimus\/wp-json\/wp\/v2\/comments?post=672"}],"version-history":[{"count":1,"href":"https:\/\/wp.uni-koblenz.de\/unimus\/wp-json\/wp\/v2\/pages\/672\/revisions"}],"predecessor-version":[{"id":673,"href":"https:\/\/wp.uni-koblenz.de\/unimus\/wp-json\/wp\/v2\/pages\/672\/revisions\/673"}],"up":[{"embeddable":true,"href":"https:\/\/wp.uni-koblenz.de\/unimus\/wp-json\/wp\/v2\/pages\/48"}],"wp:featuredmedia":[{"embeddable":true,"href":"https:\/\/wp.uni-koblenz.de\/unimus\/wp-json\/wp\/v2\/media\/670"}],"wp:attachment":[{"href":"https:\/\/wp.uni-koblenz.de\/unimus\/wp-json\/wp\/v2\/media?parent=672"}],"curies":[{"name":"wp","href":"https:\/\/api.w.org\/{rel}","templated":true}]}}